{"id":225,"date":"2022-07-04T20:03:40","date_gmt":"2022-07-04T20:03:40","guid":{"rendered":"https:\/\/episzunago.com\/?page_id=225"},"modified":"2023-01-25T22:12:28","modified_gmt":"2023-01-25T22:12:28","slug":"i-evangelizacio","status":"publish","type":"page","link":"https:\/\/episzunago.com\/?page_id=225","title":{"rendered":"I. EVANGELIZ\u00c1CI\u00d3"},"content":{"rendered":"\n<p><strong>I. EVANGELIZ\u00c1CI\u00d3<\/strong>:<\/p>\n\n\n\n<p><strong>B\u00d3DIS MIKL\u00d3S: AKI B\u00daJT, AKI NEM&#8230; \u00c9N J\u00d6V\u00d6K!<\/strong><\/p>\n\n\n\n<div id=\"EV1-1\"><\/div>\n\n\n\n<p class=\"has-text-align-center\">2021.02.18: Bez\u00e1rt templomajt\u00f3<\/p>\n\n\n\n<figure class=\"wp-block-embed is-type-video is-provider-youtube wp-block-embed-youtube wp-embed-aspect-16-9 wp-has-aspect-ratio\"><div class=\"wp-block-embed__wrapper\">\n<iframe title=\"B\u00f3dis Mikl\u00f3s: BEZ\u00c1RT TEMPLOMAJT\u00d3 - Malaki\u00e1s 1,10\" width=\"960\" height=\"540\" src=\"https:\/\/www.youtube.com\/embed\/4IUhSU9G-u0?feature=oembed\" frameborder=\"0\" allow=\"accelerometer; autoplay; clipboard-write; encrypted-media; gyroscope; picture-in-picture; web-share\" allowfullscreen><\/iframe>\n<\/div><\/figure>\n\n\n\n<p><strong><a href=\"https:\/\/episzunago.com\/wp-content\/uploads\/2022\/07\/2021.02.18-Bodis-Miklos-BEZART-TEMPLOMAJTO.mp3\" target=\"_blank\" rel=\"noreferrer noopener\">MP3 let\u00f6lt\u00e9s<\/a><\/strong><\/p>\n\n\n\n<p><a rel=\"noreferrer noopener\" href=\"https:\/\/episzunago.com\/wp-content\/uploads\/2023\/01\/01_Evangelizacio_2021.02.18_AKI-BUJT-AKI-NEM\u2026-EN-JOVOK_3_1.pdf\" target=\"_blank\">PDF let\u00f6lt\u00e9s<\/a><\/p>\n\n\n\n<div id=\"EV1-2\"><\/div>\n\n\n\n<p class=\"has-text-align-center\">2021.02.19: Amikor m\u00e9g \u00fagy j\u00f6n, hogy megt\u00e9rhess!<\/p>\n\n\n\n<figure class=\"wp-block-embed is-type-video is-provider-youtube wp-block-embed-youtube wp-embed-aspect-16-9 wp-has-aspect-ratio\"><div class=\"wp-block-embed__wrapper\">\n<iframe title=\"B\u00f3dis Mikl\u00f3s: AMIKOR M\u00c9G \u00daGY J\u00d6N, HOGY MEGT\u00c9RHESS! \u2013 Lk 19,41-44.\" width=\"960\" height=\"540\" src=\"https:\/\/www.youtube.com\/embed\/LBFClbVyM34?feature=oembed\" frameborder=\"0\" allow=\"accelerometer; autoplay; clipboard-write; encrypted-media; gyroscope; picture-in-picture; web-share\" allowfullscreen><\/iframe>\n<\/div><\/figure>\n\n\n\n<p><strong><a href=\"https:\/\/episzunago.com\/wp-content\/uploads\/2022\/07\/2021.02.19-Bodis-Miklos-AMIKOR-MEG-UGY-JON-HOGY-MEGTERHESS.mp3\" target=\"_blank\" rel=\"noreferrer noopener\">MP3 let\u00f6lt\u00e9s<\/a><\/strong><\/p>\n\n\n\n<p><a rel=\"noreferrer noopener\" href=\"https:\/\/episzunago.com\/wp-content\/uploads\/2023\/01\/01_Evangelizacio_2021.02.19_AKI-BUJT-AKI-NEM\u2026-EN-JOVOK_3_2.pdf\" target=\"_blank\">PDF let\u00f6lt\u00e9s<\/a><\/p>\n\n\n\n<div id=\"EV1-3\"><\/div>\n\n\n\n<p class=\"has-text-align-center\">2021.02.20: Amikor majd megjelenik, hogyan tal\u00e1l t\u00e9ged?<\/p>\n\n\n\n<figure class=\"wp-block-embed is-type-video is-provider-youtube wp-block-embed-youtube wp-embed-aspect-16-9 wp-has-aspect-ratio\"><div class=\"wp-block-embed__wrapper\">\n<iframe title=\"B\u00f3dis Mikl\u00f3s: AMIKOR MAJD MEGJELENIK HOGYAN TAL\u00c1L T\u00c9GED? \u2013 ApCsel 27,22-26\" width=\"960\" height=\"540\" src=\"https:\/\/www.youtube.com\/embed\/DAtTOHWNWLA?feature=oembed\" frameborder=\"0\" allow=\"accelerometer; autoplay; clipboard-write; encrypted-media; gyroscope; picture-in-picture; web-share\" allowfullscreen><\/iframe>\n<\/div><\/figure>\n\n\n\n<p><strong><a href=\"https:\/\/episzunago.com\/wp-content\/uploads\/2022\/07\/2021.02.20-Bodis-Miklos-Amikor-majd-megjelenik-hogyan-talal-teged.mp3\" target=\"_blank\" rel=\"noreferrer noopener\">MP3 let\u00f6lt\u00e9s<\/a><\/strong><\/p>\n\n\n\n<p><a rel=\"noreferrer noopener\" href=\"https:\/\/episzunago.com\/wp-content\/uploads\/2023\/01\/01_Evangelizacio_2021.02.20_AKI-BUJT-AKI-NEM\u2026-EN-JOVOK_3_3.pdf\" target=\"_blank\">PDF let\u00f6lt\u00e9s<\/a><\/p>\n","protected":false},"excerpt":{"rendered":"<p>I. EVANGELIZ\u00c1CI\u00d3: B\u00d3DIS MIKL\u00d3S: AKI B\u00daJT, AKI NEM&#8230; \u00c9N J\u00d6V\u00d6K! 2021.02.18: Bez\u00e1rt templomajt\u00f3 MP3 let\u00f6lt\u00e9s PDF let\u00f6lt\u00e9s 2021.02.19: Amikor m\u00e9g \u00fagy j\u00f6n, hogy megt\u00e9rhess! MP3 let\u00f6lt\u00e9s PDF let\u00f6lt\u00e9s 2021.02.20: Amikor majd megjelenik, hogyan tal\u00e1l t\u00e9ged? MP3 let\u00f6lt\u00e9s PDF let\u00f6lt\u00e9s<\/p>\n","protected":false},"author":1,"featured_media":0,"parent":30,"menu_order":1,"comment_status":"closed","ping_status":"open","template":"","meta":{"passster_activate_protection":false,"passster_protect_child_pages":"","passster_protection_type":"password","passster_password":"","passster_activate_overwrite_defaults":"","passster_headline":"","passster_instruction":"","passster_placeholder":"","passster_button":"","passster_id":"","passster_activate_misc_settings":"","passster_redirect_url":"","passster_hide":"no","passster_area_shortcode":"","footnotes":""},"class_list":["post-225","page","type-page","status-publish","hentry"],"_links":{"self":[{"href":"https:\/\/episzunago.com\/index.php?rest_route=\/wp\/v2\/pages\/225","targetHints":{"allow":["GET"]}}],"collection":[{"href":"https:\/\/episzunago.com\/index.php?rest_route=\/wp\/v2\/pages"}],"about":[{"href":"https:\/\/episzunago.com\/index.php?rest_route=\/wp\/v2\/types\/page"}],"author":[{"embeddable":true,"href":"https:\/\/episzunago.com\/index.php?rest_route=\/wp\/v2\/users\/1"}],"replies":[{"embeddable":true,"href":"https:\/\/episzunago.com\/index.php?rest_route=%2Fwp%2Fv2%2Fcomments&post=225"}],"version-history":[{"count":22,"href":"https:\/\/episzunago.com\/index.php?rest_route=\/wp\/v2\/pages\/225\/revisions"}],"predecessor-version":[{"id":3146,"href":"https:\/\/episzunago.com\/index.php?rest_route=\/wp\/v2\/pages\/225\/revisions\/3146"}],"up":[{"embeddable":true,"href":"https:\/\/episzunago.com\/index.php?rest_route=\/wp\/v2\/pages\/30"}],"wp:attachment":[{"href":"https:\/\/episzunago.com\/index.php?rest_route=%2Fwp%2Fv2%2Fmedia&parent=225"}],"curies":[{"name":"wp","href":"https:\/\/api.w.org\/{rel}","templated":true}]}}